{"version":"1.0","provider_name":"EL og IT Tr\u00f8ndelag","provider_url":"https:\/\/info.elogit.no\/elogitt","author_name":"terje@kikkut.no","author_url":"https:\/\/info.elogit.no\/elogitt\/blog\/author\/terjekikkut-no\/","title":"Krav om samordnet tariffoppgj\u00f8r - EL og IT Tr\u00f8ndelag","type":"rich","width":600,"height":338,"html":"<blockquote class=\"wp-embedded-content\" data-secret=\"UGrwYpKESK\"><a href=\"https:\/\/info.elogit.no\/elogitt\/blog\/2022\/06\/21\/krav-om-samordnet-tariffoppgjor\/\">Krav om samordnet tariffoppgj\u00f8r<\/a><\/blockquote><iframe sandbox=\"allow-scripts\" security=\"restricted\" src=\"https:\/\/info.elogit.no\/elogitt\/blog\/2022\/06\/21\/krav-om-samordnet-tariffoppgjor\/embed\/#?secret=UGrwYpKESK\" width=\"600\" height=\"338\" title=\"&laquo;Krav om samordnet tariffoppgj\u00f8r&raquo; &#8212; EL og IT Tr\u00f8ndelag\" data-secret=\"UGrwYpKESK\" frameborder=\"0\" marginwidth=\"0\" marginheight=\"0\" scrolling=\"no\" class=\"wp-embedded-content\"><\/iframe><script>\n\/*! This file is auto-generated *\/\n!function(d,l){\"use strict\";l.querySelector&&d.addEventListener&&\"undefined\"!=typeof URL&&(d.wp=d.wp||{},d.wp.receiveEmbedMessage||(d.wp.receiveEmbedMessage=function(e){var t=e.data;if((t||t.secret||t.message||t.value)&&!\/[^a-zA-Z0-9]\/.test(t.secret)){for(var s,r,n,a=l.querySelectorAll('iframe[data-secret=\"'+t.secret+'\"]'),o=l.querySelectorAll('blockquote[data-secret=\"'+t.secret+'\"]'),c=new RegExp(\"^https?:$\",\"i\"),i=0;i<o.length;i++)o[i].style.display=\"none\";for(i=0;i<a.length;i++)s=a[i],e.source===s.contentWindow&&(s.removeAttribute(\"style\"),\"height\"===t.message?(1e3<(r=parseInt(t.value,10))?r=1e3:~~r<200&&(r=200),s.height=r):\"link\"===t.message&&(r=new URL(s.getAttribute(\"src\")),n=new URL(t.value),c.test(n.protocol))&&n.host===r.host&&l.activeElement===s&&(d.top.location.href=t.value))}},d.addEventListener(\"message\",d.wp.receiveEmbedMessage,!1),l.addEventListener(\"DOMContentLoaded\",function(){for(var e,t,s=l.querySelectorAll(\"iframe.wp-embedded-content\"),r=0;r<s.length;r++)(t=(e=s[r]).getAttribute(\"data-secret\"))||(t=Math.random().toString(36).substring(2,12),e.src+=\"#?secret=\"+t,e.setAttribute(\"data-secret\",t)),e.contentWindow.postMessage({message:\"ready\",secret:t},\"*\")},!1)))}(window,document);\n\/\/# sourceURL=https:\/\/info.elogit.no\/elogitt\/wp-includes\/js\/wp-embed.min.js\n<\/script>\n","thumbnail_url":"http:\/\/info.elogit.no\/elogitt\/wp-content\/uploads\/sites\/8\/2022\/06\/rettferdig.jpg","thumbnail_width":564,"thumbnail_height":574,"description":"Innf\u00f8ring av levealdersjustering og indeksering har f\u00f8rt til at de som er unge i dag m\u00e5 arbeide til de er godt over 70 \u00e5r om de skal ha h\u00e5p om \u00e5 f\u00e5 en pensjon \u00e5 leve av. Avtalefestet pensjon (AFP) har g\u00e5tt fra \u00e5 v\u00e6re en mulighet til \u00e5 g\u00e5 av tidligere for sliterne, til [&hellip;]"}